{"id":9654,"date":"2026-04-28T13:34:22","date_gmt":"2026-04-28T13:34:22","guid":{"rendered":"https:\/\/nou.cordelinaelastica.ro\/?page_id=9654"},"modified":"2026-04-28T13:34:28","modified_gmt":"2026-04-28T13:34:28","slug":"despre-noi-2","status":"publish","type":"page","link":"https:\/\/cordelinaelastica.ro\/en\/despre-noi-2\/","title":{"rendered":"Despre noi"},"content":{"rendered":"<div class=\"wp-block-uagb-image alignright uagb-block-8f8c369d wp-block-uagb-image--layout-default wp-block-uagb-image--effect-static wp-block-uagb-image--align-right\"><figure class=\"wp-block-uagb-image__figure\"><img decoding=\"async\" srcset=\"https:\/\/nou.cordelinaelastica.ro\/wp-content\/uploads\/2026\/04\/Productie-cordelina-elastica-1024x582.jpeg ,https:\/\/nou.cordelinaelastica.ro\/wp-content\/uploads\/2026\/04\/Productie-cordelina-elastica.jpeg 780w, https:\/\/nou.cordelinaelastica.ro\/wp-content\/uploads\/2026\/04\/Productie-cordelina-elastica.jpeg 360w\" sizes=\"auto, (max-width: 480px) 150px\" src=\"https:\/\/nou.cordelinaelastica.ro\/wp-content\/uploads\/2026\/04\/Productie-cordelina-elastica-1024x582.jpeg\" alt=\"productie cordelina elastica\" class=\"uag-image-9655\" width=\"482\" height=\"274\" title=\"productie cordelina elastica\" loading=\"lazy\" role=\"img\"\/><\/figure><\/div>\n\n\n\n<p><strong>Produc\u0103tor Rom\u00e2n de Cordelin\u0103, Fr\u00e2nghii \u0219i Curelu\u0219e PVC<\/strong><\/p>\n\n\n\n<p>Peste 15 ani de experien\u021b\u0103 \u00een produc\u021bia de sisteme elastice \u0219i de fixare<\/p>\n\n\n\n<p>Bine ai venit pe&nbsp;<strong>cordelinaelastica.ro<\/strong>! Suntem o firm\u0103 rom\u00e2neasc\u0103 cu capital integral privat, specializat\u0103 \u00een produc\u021bia de&nbsp;<strong>cordelin\u0103 elastic\u0103<\/strong>,&nbsp;<strong>fr\u00e2nghii<\/strong>&nbsp;\u0219i&nbsp;<strong>curelu\u0219e din PVC<\/strong>&nbsp;de \u00eenalt\u0103 calitate. Cu o experien\u021b\u0103 de peste 15 ani \u00een domeniul produc\u021biei, am dezvoltat solu\u021bii durabile \u0219i sigure pentru o gam\u0103 larg\u0103 de aplica\u021bii industriale, comerciale \u0219i recreative.<\/p>\n\n\n\n<p>Statutul de&nbsp;<strong>produc\u0103tor direct<\/strong>&nbsp;ne ofer\u0103 un avantaj competitiv major: control\u0103m riguros \u00eentregul proces de fabrica\u021bie \u0219i putem oferi clien\u021bilor no\u0219tri pre\u021buri de fabric\u0103, f\u0103r\u0103 comisioane de intermediari.<\/p>\n\n\n\n<p><strong>Calitate rom\u00e2neasc\u0103 distribuit\u0103 \u00een toat\u0103 Europa<\/strong><\/p>\n\n\n\n<p>De\u0219i inima produc\u021biei noastre se afl\u0103 \u00een Rom\u00e2nia, standardele noastre de calitate au trecut de mult grani\u021bele \u021b\u0103rii. Suntem m\u00e2ndri s\u0103 fim un partener de \u00eencredere la nivel interna\u021bional, distribuind produsele noastre \u00een toat\u0103 Europa.<\/p>\n\n\n\n<p>Avem linii de&nbsp;<strong>produc\u021bie special\u0103 dedicate partenerilor din Germania \u0219i Italia<\/strong>, \u021b\u0103ri recunoscute pentru exigen\u021bele extrem de ridicate \u00een ceea ce prive\u0219te calitatea \u0219i rezisten\u021ba materialelor. Faptul c\u0103 produsele noastre satisfac aceste pie\u021be premium este cea mai bun\u0103 garan\u021bie a seriozit\u0103\u021bii noastre.<\/p>\n\n\n\n<p><strong>De ce s\u0103 alegi produsele noastre?<\/strong><\/p>\n\n\n\n<ul class=\"wp-block-list\">\n<li><strong>Tradi\u021bie \u0219i Inova\u021bie:<\/strong>\u00a0Cei peste 15 ani de activitate ne-au \u00eenv\u0103\u021bat cum s\u0103 perfec\u021bion\u0103m re\u021beta de fabrica\u021bie pentru ca fiecare\u00a0<strong>cordon elastic<\/strong>\u00a0sau curelu\u0219\u0103 PVC s\u0103 reziste la uzur\u0103 \u0219i intemperii.<\/li>\n\n\n\n<li><strong>Capacitate de Produc\u021bie \u0219i Flexibilitate:<\/strong>\u00a0Fiind produc\u0103tori, avem capacitatea de a livra volume mari (comenzi en-gros) \u0219i de a personaliza diametrele, lungimile sau culorile \u00een func\u021bie de proiectele tale speciale.<\/li>\n<\/ul>\n\n\n\n<p>Fie c\u0103 e\u0219ti un magazin \u00een c\u0103utare de un furnizor stabil (rev\u00e2nz\u0103tor), fie c\u0103 reprezin\u021bi o companie care are nevoie de materiale de fixare personalizate, echipa noastr\u0103 este preg\u0103tit\u0103 s\u0103 \u00ee\u021bi ofere suportul tehnic \u0219i cele mai bune pre\u021buri de produc\u0103tor.<\/p>\n\n\n\n<hr class=\"wp-block-separator has-alpha-channel-opacity\"\/>","protected":false},"excerpt":{"rendered":"<p>Produc\u0103tor Rom\u00e2n de Cordelin\u0103, Fr\u00e2nghii \u0219i Curelu\u0219e PVC Peste 15 ani de experien\u021b\u0103 \u00een produc\u021bia de sisteme elastice \u0219i de fixare Bine ai venit pe&nbsp;cordelinaelastica.ro! Suntem o firm\u0103 rom\u00e2neasc\u0103 cu capital integral privat, specializat\u0103 \u00een produc\u021bia de&nbsp;cordelin\u0103 elastic\u0103,&nbsp;fr\u00e2nghii&nbsp;\u0219i&nbsp;curelu\u0219e din PVC&nbsp;de \u00eenalt\u0103 calitate. Cu o experien\u021b\u0103 de peste 15 ani \u00een domeniul produc\u021biei, am dezvoltat solu\u021bii [&hellip;]<\/p>\n","protected":false},"author":1,"featured_media":0,"parent":0,"menu_order":0,"comment_status":"closed","ping_status":"closed","template":"","meta":{"_uag_custom_page_level_css":"","site-sidebar-layout":"default","site-content-layout":"","ast-site-content-layout":"default","site-content-style":"default","site-sidebar-style":"default","ast-global-header-display":"","ast-banner-title-visibility":"","ast-main-header-display":"","ast-hfb-above-header-display":"","ast-hfb-below-header-display":"","ast-hfb-mobile-header-display":"","site-post-title":"","ast-breadcrumbs-content":"","ast-featured-img":"","footer-sml-layout":"","ast-disable-related-posts":"","theme-transparent-header-meta":"","adv-header-id-meta":"","stick-header-meta":"","header-above-stick-meta":"","header-main-stick-meta":"","header-below-stick-meta":"","astra-migrate-meta-layouts":"set","ast-page-background-enabled":"default","ast-page-background-meta":{"desktop":{"background-color":"","background-image":"","background-repeat":"repeat","background-position":"center center","background-size":"auto","background-attachment":"scroll","background-type":"","background-media":"","overlay-type":"","overlay-color":"","overlay-opacity":"","overlay-gradient":""},"tablet":{"background-color":"","background-image":"","background-repeat":"repeat","background-position":"center center","background-size":"auto","background-attachment":"scroll","background-type":"","background-media":"","overlay-type":"","overlay-color":"","overlay-opacity":"","overlay-gradient":""},"mobile":{"background-color":"","background-image":"","background-repeat":"repeat","background-position":"center center","background-size":"auto","background-attachment":"scroll","background-type":"","background-media":"","overlay-type":"","overlay-color":"","overlay-opacity":"","overlay-gradient":""}},"ast-content-background-meta":{"desktop":{"background-color":"var(--ast-global-color-5)","background-image":"","background-repeat":"repeat","background-position":"center center","background-size":"auto","background-attachment":"scroll","background-type":"","background-media":"","overlay-type":"","overlay-color":"","overlay-opacity":"","overlay-gradient":""},"tablet":{"background-color":"var(--ast-global-color-5)","background-image":"","background-repeat":"repeat","background-position":"center center","background-size":"auto","background-attachment":"scroll","background-type":"","background-media":"","overlay-type":"","overlay-color":"","overlay-opacity":"","overlay-gradient":""},"mobile":{"background-color":"var(--ast-global-color-5)","background-image":"","background-repeat":"repeat","background-position":"center center","background-size":"auto","background-attachment":"scroll","background-type":"","background-media":"","overlay-type":"","overlay-color":"","overlay-opacity":"","overlay-gradient":""}},"footnotes":""},"class_list":["post-9654","page","type-page","status-publish","hentry"],"uagb_featured_image_src":{"full":false,"thumbnail":false,"medium":false,"medium_large":false,"large":false,"1536x1536":false,"2048x2048":false,"trp-custom-language-flag":false,"woocommerce_thumbnail":false,"woocommerce_single":false,"woocommerce_gallery_thumbnail":false},"uagb_author_info":{"display_name":"office@cordelinaelastica.ro","author_link":"https:\/\/cordelinaelastica.ro\/en\/author\/officecordelinaelastica-ro\/"},"uagb_comment_info":0,"uagb_excerpt":"Produc\u0103tor Rom\u00e2n de Cordelin\u0103, Fr\u00e2nghii \u0219i Curelu\u0219e PVC Peste 15 ani de experien\u021b\u0103 \u00een produc\u021bia de sisteme elastice \u0219i de fixare Bine ai venit pe&nbsp;cordelinaelastica.ro! Suntem o firm\u0103 rom\u00e2neasc\u0103 cu capital integral privat, specializat\u0103 \u00een produc\u021bia de&nbsp;cordelin\u0103 elastic\u0103,&nbsp;fr\u00e2nghii&nbsp;\u0219i&nbsp;curelu\u0219e din PVC&nbsp;de \u00eenalt\u0103 calitate. Cu o experien\u021b\u0103 de peste 15 ani \u00een domeniul produc\u021biei, am dezvoltat solu\u021bii&hellip;","_links":{"self":[{"href":"https:\/\/cordelinaelastica.ro\/en\/wp-json\/wp\/v2\/pages\/9654","targetHints":{"allow":["GET"]}}],"collection":[{"href":"https:\/\/cordelinaelastica.ro\/en\/wp-json\/wp\/v2\/pages"}],"about":[{"href":"https:\/\/cordelinaelastica.ro\/en\/wp-json\/wp\/v2\/types\/page"}],"author":[{"embeddable":true,"href":"https:\/\/cordelinaelastica.ro\/en\/wp-json\/wp\/v2\/users\/1"}],"replies":[{"embeddable":true,"href":"https:\/\/cordelinaelastica.ro\/en\/wp-json\/wp\/v2\/comments?post=9654"}],"version-history":[{"count":1,"href":"https:\/\/cordelinaelastica.ro\/en\/wp-json\/wp\/v2\/pages\/9654\/revisions"}],"predecessor-version":[{"id":9656,"href":"https:\/\/cordelinaelastica.ro\/en\/wp-json\/wp\/v2\/pages\/9654\/revisions\/9656"}],"wp:attachment":[{"href":"https:\/\/cordelinaelastica.ro\/en\/wp-json\/wp\/v2\/media?parent=9654"}],"curies":[{"name":"wp","href":"https:\/\/api.w.org\/{rel}","templated":true}]}}